{"id":2301,"date":"2024-09-26T19:16:03","date_gmt":"2024-09-26T19:16:03","guid":{"rendered":"https:\/\/uccap.net\/?page_id=2301"},"modified":"2025-04-22T14:14:38","modified_gmt":"2025-04-22T14:14:38","slug":"nuestra-historia","status":"publish","type":"page","link":"https:\/\/uccap.net\/?page_id=2301","title":{"rendered":"Nuestra Historia"},"content":{"rendered":"<div id=\"pl-2301\"  class=\"panel-layout\" ><div id=\"pg-2301-0\"  class=\"panel-grid panel-has-style\" ><div class=\"siteorigin-panels-stretch panel-row-style panel-row-style-for-2301-0\" data-stretch-type=\"full-stretched\" ><div id=\"pgc-2301-0-0\"  class=\"panel-grid-cell panel-grid-cell-empty\" ><\/div><\/div><\/div><div id=\"pg-2301-1\"  class=\"panel-grid panel-has-style\" ><div class=\"siteorigin-panels-stretch panel-row-style panel-row-style-for-2301-1\" data-stretch-type=\"full-stretched\" ><div id=\"pgc-2301-1-0\"  class=\"panel-grid-cell\" ><div id=\"panel-2301-1-0-0\" class=\"so-panel widget widget_sow-hero panel-first-child panel-last-child\" data-index=\"0\" ><div\n\t\t\t\n\t\t\tclass=\"so-widget-sow-hero so-widget-sow-hero-default-6e283e92799f-2301 so-widget-fittext-wrapper\"\n\t\t\t data-fit-text-compressor=\"0.85\"\n\t\t>\t\t\t\t<div class=\"sow-slider-base\" style=\"display: none\" tabindex=\"0\">\n\t\t\t\t\t<ul\n\t\t\t\t\tclass=\"sow-slider-images\"\n\t\t\t\t\tdata-settings=\"{&quot;pagination&quot;:true,&quot;speed&quot;:800,&quot;timeout&quot;:8000,&quot;paused&quot;:false,&quot;pause_on_hover&quot;:false,&quot;swipe&quot;:true,&quot;nav_always_show_desktop&quot;:&quot;&quot;,&quot;nav_always_show_mobile&quot;:&quot;&quot;,&quot;breakpoint&quot;:&quot;780px&quot;,&quot;unmute&quot;:false,&quot;anchor&quot;:null}\"\n\t\t\t\t\t\t\t\t\t\tdata-anchor-id=\"\"\n\t\t\t\t>\t\t<li class=\"sow-slider-image\" style=\"visibility: visible;;background-color: #333333\" >\n\t\t\t\t\t<div class=\"sow-slider-image-container\">\n\t\t\t<div class=\"sow-slider-image-wrapper\">\n\t\t\t\t<h1 style=\"text-align: center\">Nuestra Historia<\/h1>\n\t\t\t<\/div>\n\t\t<\/div>\n\t\t\t\t<\/li>\n\t\t<\/ul>\t\t\t\t<ol class=\"sow-slider-pagination\">\n\t\t\t\t\t\t\t\t\t\t\t<li><a href=\"#\" data-goto=\"0\" aria-label=\"mostrar diapositiva 1\"><\/a><\/li>\n\t\t\t\t\t\t\t\t\t<\/ol>\n\n\t\t\t\t<div class=\"sow-slide-nav sow-slide-nav-next\">\n\t\t\t\t\t<a href=\"#\" data-goto=\"next\" aria-label=\"diapositiva siguiente\" data-action=\"next\">\n\t\t\t\t\t\t<em class=\"sow-sld-icon-thin-right\"><\/em>\n\t\t\t\t\t<\/a>\n\t\t\t\t<\/div>\n\n\t\t\t\t<div class=\"sow-slide-nav sow-slide-nav-prev\">\n\t\t\t\t\t<a href=\"#\" data-goto=\"previous\" aria-label=\"diapositiva anterior\" data-action=\"prev\">\n\t\t\t\t\t\t<em class=\"sow-sld-icon-thin-left\"><\/em>\n\t\t\t\t\t<\/a>\n\t\t\t\t<\/div>\n\t\t\t\t<\/div><\/div><\/div><\/div><\/div><\/div><div id=\"pg-2301-2\"  class=\"panel-grid panel-has-style\" ><div class=\"siteorigin-panels-stretch panel-row-style panel-row-style-for-2301-2\" id=\"uccaphist\" data-stretch-type=\"full\" ><div id=\"pgc-2301-2-0\"  class=\"panel-grid-cell\" ><div id=\"panel-2301-2-0-0\" class=\"so-panel widget widget_sow-editor panel-first-child panel-last-child\" data-index=\"1\" ><div class=\"panel-widget-style panel-widget-style-for-2301-2-0-0\" ><div\n\t\t\t\n\t\t\tclass=\"so-widget-sow-editor so-widget-sow-editor-base\"\n\t\t\t\n\t\t>\n<div class=\"siteorigin-widget-tinymce textwidget\">\n\t<p>&nbsp;<\/p>\n<p><img loading=\"lazy\" decoding=\"async\" class=\"wp-image-2302 size-full aligncenter\" src=\"http:\/\/uccap.net\/wp-content\/uploads\/2024\/09\/UCCAP.png\" alt=\"\" width=\"624\" height=\"231\" srcset=\"https:\/\/uccap.net\/wp-content\/uploads\/2024\/09\/UCCAP.png 624w, https:\/\/uccap.net\/wp-content\/uploads\/2024\/09\/UCCAP-300x111.png 300w\" sizes=\"(max-width: 624px) 100vw, 624px\" \/><\/p>\n<p>&nbsp;<\/p>\n<p><span style=\"font-weight: 400;\">Hace m\u00e1s de cinco d\u00e9cadas que en Centroam\u00e9rica se fundaron los primeros programas de psicolog\u00eda en las diversas universidades de la regi\u00f3n y desde ah\u00ed iniciaron a impulsarse investigaciones, actividades acad\u00e9micas y formaci\u00f3n de profesionales con altos deseos de aportar a sus pa\u00edses, intereses que resultaron en la creaci\u00f3n de entidades de psicolog\u00eda que han venido evolucionando de grupos a organizaciones; en el caso de Guatemala, Honduras y Costa Rica, se encuentran registradas como colegios reguladores de la profesi\u00f3n, y en los otros pa\u00edses aunque a\u00fan no poseen\u00a0 ese perfil legal, s\u00ed son estructuras con alto poder de representatividad y\u00a0 convocatoria.<\/span><\/p>\n<p><span style=\"font-weight: 400;\">A lo largo de este tiempo, las organizaciones han avanzado de forma independiente, enfocadas en sus acciones nacionales, dando como resultado un crecimiento en las estructuras internas pero poca colaboraci\u00f3n regional.\u00a0<\/span><\/p>\n<p><span style=\"font-weight: 400;\">Es en\u00a0 el contexto del XXXVII Congreso Interamericano de Psicolog\u00eda de la SIP, celebrado en julio de 2019, en la Habana, Cuba; cuando el licenciado Roberto Ord\u00f3\u00f1ez Gonz\u00e1lez, presidente de la Asociaci\u00f3n Nicarag\u00fcense para el Desarrollo de la Psicolog\u00eda (ANDEPSI), presenta la idea entusiasta de la uni\u00f3n centroamericana, a un grupo de profesionales conformado por los mag\u00edster\u00a0 Christian Tejeira, Edgar Aguilar, y H\u00e9ctor Alfredo Loza, presidentes de las Asociaciones Paname\u00f1a de Psic\u00f3logos, Asociaci\u00f3n de Psic\u00f3logos Jur\u00eddicos de El Salvador, y del Colegio de Psic\u00f3logos de Guatemala, respectivamente; quienes sostuvieron un di\u00e1logo encaminado a conformar una organizaci\u00f3n que los agrupe, a fin de facilitar acciones conjuntas que posibiliten un crecimiento equitativo en todas la psicolog\u00eda del istmo.<\/span><\/p>\n<p><span style=\"font-weight: 400;\">En noviembre de ese mismo a\u00f1o, aprovechando la Cumbre Internacional de Psicolog\u00eda y Retos Globales, llevada a cabo en Lisboa, Portugal, convocada por APA y la Orden Portuguesa de Psicolog\u00eda; Roberto Ord\u00f3\u00f1ez y\u00a0H\u00e9ctor Delgado Loza, dando continuidad a la conversaci\u00f3n iniciada en julio, acordaron unir esfuerzos para materializar el tan relevante proyecto; el mismo mes, ANDEPSI y la Asociaci\u00f3n Paname\u00f1a de Psic\u00f3logos, firman en la ciudad de Panam\u00e1,\u00a0 un acuerdo, siendo el principal inter\u00e9s ejecutar acciones concretas para conformar la Uni\u00f3n Centroamericana.<\/span><\/p>\n<p><span style=\"font-weight: 400;\">En diciembre de 2019 se suma a la visi\u00f3n, el Colegio de Profesionales en Psicolog\u00eda de Costa Rica, en ese momento dirigido por el Mgtr. Oscar Valverde y en enero del 2020, se integra el Colegio de Psic\u00f3logos de Honduras, representado por el Dr. Augusto Aguilar.<\/span><\/p>\n<p><span style=\"font-weight: 400;\">El inter\u00e9s de uni\u00f3n en las entidades psicol\u00f3gicas continu\u00f3 firme, trabajando en la planificaci\u00f3n, dise\u00f1o y mejoras constantes de la coordinaci\u00f3n entre los pa\u00edses integrantes, a\u00fan frente a la adversidad del 2020 y 2021 con la pandemia del COVID-19.<\/span><\/p>\n<p><span style=\"font-weight: 400;\">Finalmente, en febrero del 2023, la UCCAP realiza su primera asamblea presencial en Tegucigalpa, donde se acuerda que Honduras ser\u00e1 la sede de la naciente Federaci\u00f3n Centroamericana de Psicolog\u00eda, as\u00ed mismo se elige la primera junta directiva conformada por:<\/span><\/p>\n<ul>\n<li style=\"font-weight: 400;\" aria-level=\"1\"><span style=\"font-weight: 400;\">Presidente: Dr. Augusto Aguilar - Presidente del Colegio de Psic\u00f3logos de Honduras.<\/span><\/li>\n<li style=\"font-weight: 400;\" aria-level=\"1\"><span style=\"font-weight: 400;\">Vicepresidente: Lic. Roberto Ord\u00f3\u00f1ez Gonz\u00e1lez - Presidente de la Asociaci\u00f3n Nicarag\u00fcense para el Desarrollo de la Psicolog\u00eda.<\/span><\/li>\n<li style=\"font-weight: 400;\" aria-level=\"1\"><span style=\"font-weight: 400;\">Secretario: Mgt. \u00c1ngelo Arg\u00fcello - Presidente del Colegio de Profesionales en Psicolog\u00eda de Costa Rica.<\/span><\/li>\n<li style=\"font-weight: 400;\" aria-level=\"1\"><span style=\"font-weight: 400;\">Tesorero: Christian Tejeira - Presidente de la Asociaci\u00f3n Paname\u00f1a de Psic\u00f3logos.<\/span><\/li>\n<li style=\"font-weight: 400;\" aria-level=\"1\"><span style=\"font-weight: 400;\">Vocal 1:\u00a0 M.A. Ninette Alburez de von Ahn - Presidenta del Colegio de Psic\u00f3logos de Guatemala.<\/span><\/li>\n<li style=\"font-weight: 400;\" aria-level=\"1\"><span style=\"font-weight: 400;\">Vocal 2: \u00a0Lic. Juan Jos\u00e9 Orellana - Presidente de la Asociaci\u00f3n de Psic\u00f3logos Jur\u00eddicos de El Salvador.<\/span><\/li>\n<li style=\"font-weight: 400;\" aria-level=\"1\"><span style=\"font-weight: 400;\">Directora Ejecutiva: \u00a0Mgr. Ana Florez - Representante de la Asociaci\u00f3n Paname\u00f1a de Psic\u00f3logos.<\/span><\/li>\n<\/ul>\n<p><span style=\"font-weight: 400;\">Participaron en car\u00e1cter de asamble\u00edstas:<\/span><\/p>\n<ul>\n<li style=\"font-weight: 400;\" aria-level=\"1\"><span style=\"font-weight: 400;\">Mgt. Rosario M\u00e1rquez - Secretaria de actas del Colegio de Psic\u00f3logos de Honduras.<\/span><\/li>\n<li style=\"font-weight: 400;\" aria-level=\"1\"><span style=\"font-weight: 400;\">Mgt. Gloria Samayoa - Vicepresidenta del Colegio de Psic\u00f3logos de Guatemala.<\/span><\/li>\n<li style=\"font-weight: 400;\" aria-level=\"1\"><span style=\"font-weight: 400;\">Mgr. Nery Elizabeth Sorto - Vocal de la Asociaci\u00f3n de Psic\u00f3logos Jur\u00eddicos de El Salvador.<\/span><\/li>\n<li style=\"font-weight: 400;\" aria-level=\"1\"><span style=\"font-weight: 400;\">Mgt. Laura Bogantes - Secretaria del Colegio de Profesionales en Psicolog\u00eda de Costa Rica.<\/span><\/li>\n<\/ul>\n<p><span style=\"font-weight: 400;\">En dicha Asamblea se acord\u00f3 realizar el Primer Congreso Centroamericano de Psicolog\u00eda, mismo que se celebr\u00f3 en Tegucigalpa, Honduras del 28 al 30 de noviembre del 2023, teniendo como sede la Universidad Tecnol\u00f3gica Centroamericana, UNITEC.<\/span><\/p>\n<p><span style=\"font-weight: 400;\">El evento fue aprovechado para efectuar la segunda asamblea general de UCCAP, donde se elige la nueva junta directiva provisional, y se firman importantes acuerdos con la Uni\u00f3n Panafricana de Psicolog\u00eda, PAPU, acercamientos con el Consejo Brasile\u00f1o de Psicolog\u00eda y conversaciones directas con el presidente de la Uni\u00f3n Internacional de Ciencias Psicol\u00f3gicas IUPsyS.<\/span><\/p>\n<p><span style=\"font-weight: 400;\">Siempre en el marco del primer Congreso de Psicolog\u00eda y la segunda Asamblea presencial, se acuerda que el pr\u00f3ximo Congreso Centroamericano de Psicolog\u00eda, ser\u00e1 celebrado en San Jos\u00e9 Costa Rica, en noviembre del 2025.<\/span><\/p>\n<p>&nbsp;<\/p>\n<\/div>\n<\/div><\/div><\/div><\/div><\/div><\/div><\/div>","protected":false},"excerpt":{"rendered":"<p>Nuestra Historia &nbsp; &nbsp; Hace m\u00e1s de cinco d\u00e9cadas que en Centroam\u00e9rica se fundaron los primeros programas de psicolog\u00eda en las diversas universidades de la regi\u00f3n y desde ah\u00ed iniciaron a impulsarse investigaciones, actividades acad\u00e9micas y formaci\u00f3n de profesionales con altos deseos de aportar a sus pa\u00edses, intereses que resultaron en la creaci\u00f3n de entidades [&hellip;]<\/p>\n","protected":false},"author":2,"featured_media":0,"parent":0,"menu_order":0,"comment_status":"closed","ping_status":"closed","template":"","meta":{"footnotes":""},"acf":[],"_links":{"self":[{"href":"https:\/\/uccap.net\/index.php?rest_route=\/wp\/v2\/pages\/2301"}],"collection":[{"href":"https:\/\/uccap.net\/index.php?rest_route=\/wp\/v2\/pages"}],"about":[{"href":"https:\/\/uccap.net\/index.php?rest_route=\/wp\/v2\/types\/page"}],"author":[{"embeddable":true,"href":"https:\/\/uccap.net\/index.php?rest_route=\/wp\/v2\/users\/2"}],"replies":[{"embeddable":true,"href":"https:\/\/uccap.net\/index.php?rest_route=%2Fwp%2Fv2%2Fcomments&post=2301"}],"version-history":[{"count":4,"href":"https:\/\/uccap.net\/index.php?rest_route=\/wp\/v2\/pages\/2301\/revisions"}],"predecessor-version":[{"id":2305,"href":"https:\/\/uccap.net\/index.php?rest_route=\/wp\/v2\/pages\/2301\/revisions\/2305"}],"wp:attachment":[{"href":"https:\/\/uccap.net\/index.php?rest_route=%2Fwp%2Fv2%2Fmedia&parent=2301"}],"curies":[{"name":"wp","href":"https:\/\/api.w.org\/{rel}","templated":true}]}}