{"id":3212,"date":"2025-02-12T22:40:00","date_gmt":"2025-02-12T22:40:00","guid":{"rendered":"https:\/\/uccap.net\/?page_id=3212"},"modified":"2025-02-12T23:06:54","modified_gmt":"2025-02-12T23:06:54","slug":"ejes-tematicos","status":"publish","type":"page","link":"https:\/\/uccap.net\/?page_id=3212","title":{"rendered":"Ejes tem\u00e1ticos"},"content":{"rendered":"<div id=\"pl-3212\"  class=\"panel-layout\" ><div id=\"pg-3212-0\"  class=\"panel-grid panel-has-style\" ><div class=\"siteorigin-panels-stretch panel-row-style panel-row-style-for-3212-0\" data-stretch-type=\"full-stretched\" ><div id=\"pgc-3212-0-0\"  class=\"panel-grid-cell panel-grid-cell-empty\" ><\/div><\/div><\/div><div id=\"pg-3212-1\"  class=\"panel-grid panel-has-style\" ><div class=\"siteorigin-panels-stretch panel-row-style panel-row-style-for-3212-1\" data-stretch-type=\"full-stretched\" ><div id=\"pgc-3212-1-0\"  class=\"panel-grid-cell\" ><div id=\"panel-3212-1-0-0\" class=\"so-panel widget widget_sow-hero panel-first-child panel-last-child\" data-index=\"0\" ><div\n\t\t\t\n\t\t\tclass=\"so-widget-sow-hero so-widget-sow-hero-default-6e283e92799f-3212 so-widget-fittext-wrapper\"\n\t\t\t data-fit-text-compressor=\"0.85\"\n\t\t>\t\t\t\t<div class=\"sow-slider-base\" style=\"display: none\" tabindex=\"0\">\n\t\t\t\t\t<ul\n\t\t\t\t\tclass=\"sow-slider-images\"\n\t\t\t\t\tdata-settings=\"{&quot;pagination&quot;:true,&quot;speed&quot;:800,&quot;timeout&quot;:8000,&quot;paused&quot;:false,&quot;pause_on_hover&quot;:false,&quot;swipe&quot;:true,&quot;nav_always_show_desktop&quot;:&quot;&quot;,&quot;nav_always_show_mobile&quot;:&quot;&quot;,&quot;breakpoint&quot;:&quot;780px&quot;,&quot;unmute&quot;:false,&quot;anchor&quot;:null}\"\n\t\t\t\t\t\t\t\t\t\tdata-anchor-id=\"\"\n\t\t\t\t>\t\t<li class=\"sow-slider-image\" style=\"visibility: visible;;background-color: #333333\" >\n\t\t\t\t\t<div class=\"sow-slider-image-container\">\n\t\t\t<div class=\"sow-slider-image-wrapper\">\n\t\t\t\t<h1 style=\"text-align: center\">Ejes Tem\u00e1ticos<\/h1>\n\t\t\t<\/div>\n\t\t<\/div>\n\t\t\t\t<\/li>\n\t\t<\/ul>\t\t\t\t<ol class=\"sow-slider-pagination\">\n\t\t\t\t\t\t\t\t\t\t\t<li><a href=\"#\" data-goto=\"0\" aria-label=\"mostrar diapositiva 1\"><\/a><\/li>\n\t\t\t\t\t\t\t\t\t<\/ol>\n\n\t\t\t\t<div class=\"sow-slide-nav sow-slide-nav-next\">\n\t\t\t\t\t<a href=\"#\" data-goto=\"next\" aria-label=\"diapositiva siguiente\" data-action=\"next\">\n\t\t\t\t\t\t<em class=\"sow-sld-icon-thin-right\"><\/em>\n\t\t\t\t\t<\/a>\n\t\t\t\t<\/div>\n\n\t\t\t\t<div class=\"sow-slide-nav sow-slide-nav-prev\">\n\t\t\t\t\t<a href=\"#\" data-goto=\"previous\" aria-label=\"diapositiva anterior\" data-action=\"prev\">\n\t\t\t\t\t\t<em class=\"sow-sld-icon-thin-left\"><\/em>\n\t\t\t\t\t<\/a>\n\t\t\t\t<\/div>\n\t\t\t\t<\/div><\/div><\/div><\/div><\/div><\/div><div id=\"pg-3212-2\"  class=\"panel-grid panel-has-style\" ><div class=\"siteorigin-panels-stretch panel-row-style panel-row-style-for-3212-2\" id=\"comite\" data-stretch-type=\"full\" ><div id=\"pgc-3212-2-0\"  class=\"panel-grid-cell\" ><div id=\"panel-3212-2-0-0\" class=\"so-panel widget widget_siteorigin-panels-builder panel-first-child panel-last-child\" data-index=\"1\" ><div id=\"pl-w67ad298e664e2\"  class=\"panel-layout\" ><div id=\"pg-w67ad298e664e2-0\"  class=\"panel-grid panel-no-style\" ><div id=\"pgc-w67ad298e664e2-0-0\"  class=\"panel-grid-cell\" ><div id=\"panel-w67ad298e664e2-0-0-0\" class=\"widget_text so-panel widget widget_custom_html panel-first-child panel-last-child\" data-index=\"0\" ><div class=\"textwidget custom-html-widget\">El II Congreso Centroamericano de Psicolog\u00eda y 10\u00b0 Congreso Costarricense de Psicolog\u00eda ofrece una amplia variedad de \u00e1reas tem\u00e1ticas dise\u00f1adas para reflejar la diversidad y profundidad de la disciplina psicol\u00f3gica en la regi\u00f3n.<br><br>\n\nEstas tem\u00e1ticas abordan los principales retos y avances del campo, conectando perspectivas te\u00f3ricas y pr\u00e1cticas para responder a las necesidades actuales de nuestras comunidades. Cada \u00e1rea ha sido cuidadosamente seleccionada para fomentar el intercambio de conocimientos, fortalecer las capacidades profesionales y promover el desarrollo de soluciones innovadoras en los distintos contextos en los que la psicolog\u00eda tiene impacto.<br><br>\n\nDesde la psicolog\u00eda cl\u00ednica hasta el impacto de la inteligencia artificial en la disciplina, estas \u00e1reas ofrecen una mirada integral a los aspectos m\u00e1s relevantes y emergentes de la psicolog\u00eda, tanto en Centroam\u00e9rica como a nivel global.<br>\n<\/div><\/div><\/div><\/div><\/div><\/div><\/div><\/div><\/div><div id=\"pg-3212-3\"  class=\"panel-grid panel-has-style\" ><div class=\"siteorigin-panels-stretch panel-row-style panel-row-style-for-3212-3\" id=\"comite\" data-stretch-type=\"full\" ><div id=\"pgc-3212-3-0\"  class=\"panel-grid-cell panel-grid-cell-empty\" ><\/div><div id=\"pgc-3212-3-1\"  class=\"panel-grid-cell panel-grid-cell-mobile-last\" ><div id=\"panel-3212-3-1-0\" class=\"so-panel widget widget_siteorigin-panels-postloop panel-first-child panel-last-child\" data-index=\"2\" >\n<style>\n\n.ejes-tematicos {\n    display: grid;\n    grid-template-columns: repeat(auto-fit, minmax(250px, 1fr));\n    gap: 20px;\n    justify-content: center;\n    padding: 20px;\n}\n\n\n.ejes-tematicos .grid-item {\n    background-color: #fff;\n    border: 1px solid #ddd;\n    border-radius: 8px;\n    box-shadow: 0 4px 8px rgba(0, 0, 0, 0.1);\n    overflow: hidden; \n    transition: transform 0.3s ease, box-shadow 0.3s ease;\n    padding: 20px; \n}\n\n\n.ejes-tematicos .grid-item h3 {\n    background-color: #020381;\n    color: white;\n    font-size: 1.3em;\n    padding: 15px;\n    margin: 0; \n    text-align: center;\n    transition: background-color 0.3s ease;\n    border-radius: 5px; \n}\n\n\n.ejes-tematicos .grid-item .card-content {\n    padding: 10px;\n    font-size: 1em;\n    color: #666;\n}\n\n\n.ejes-tematicos .grid-item:hover {\n    transform: scale(1.05);\n    box-shadow: 0 6px 12px rgba(0, 0, 0, 0.2);\n}\n\n\n.ejes-tematicos .grid-item:hover h3 {\n    background-color: #00aaff; \n}\n<\/style>\n\n\n<div class=\"ejes-tematicos\">\n        <div class=\"grid-item\">\n            <h3>Psicolog\u00eda Cl\u00ednica y de la Salud<\/h3><br>\n            <p>Neuropsicolog\u00eda, psicoterapia transcultural, innovaci\u00f3n tecnol\u00f3gica y salud mental, diferentes abordajes te\u00f3ricos aplicados a lo cl\u00ednico, consumo de sustancias, abordajes para la prevenci\u00f3n del suicidio, psicogerontolog\u00eda.<\/p>\n        <\/div>\n        <div class=\"grid-item\">\n            <h3>Psicolog\u00eda Educativa<\/h3><br>\n            <p>Psicopedagog\u00eda, procesos de ense\u00f1anza aprendizaje, convivencia en la din\u00e1mica estudiantil, uso de las TICS y su impacto educativo, atenci\u00f3n a las problem\u00e1ticas propias del \u00e1mbito educativo (bullying, burnout, violencia escolar, etc).<\/p>\n        <\/div>\n        <div class=\"grid-item\">\n            <h3>Psicolog\u00eda Social y Comunitaria<\/h3><br>\n            <p>Cultura de paz y salud mental, g\u00e9nero, sexualidad y diversidad, migraciones, resoluci\u00f3n de conflictos, psicolog\u00eda ambiental, comunidades ind\u00edgenas.<\/p>\n        <\/div>\n        <div class=\"grid-item\">\n            <h3>Psicolog\u00eda Organizacional<\/h3><br>\n            <p>Reclutamiento y selecci\u00f3n, clima de las organizaciones, cultura organizacional, gesti\u00f3n del talento humano, psicolog\u00eda aeron\u00e1utica y \u00e1reas emergentes.<\/p>\n        <\/div>\n        <div class=\"grid-item\">\n            <h3>Psicolog\u00eda del Desarrollo Humano<\/h3><br>\n            <p>Aplicaci\u00f3n en diferentes \u00e1mbitos (familiar, laboral, educativo, social).<\/p>\n        <\/div>\n        <div class=\"grid-item\">\n            <h3>Psicolog\u00eda Econ\u00f3mica<\/h3><br>\n            <p>Impacto de la crisis en pandemia, finanzas y salud mental.<\/p>\n        <\/div>\n        <div class=\"grid-item\">\n            <h3>Psicolog\u00eda Forense<\/h3><br>\n            <p>Atenci\u00f3n al delito, evaluaci\u00f3n psicol\u00f3gica de las personas v\u00edctimas y victimarias de todas las edades y g\u00e9neros, roles en las penitenciar\u00edas.<\/p>\n        <\/div>\n        <div class=\"grid-item\">\n            <h3>Psicolog\u00eda Criminol\u00f3gica<\/h3><br>\n            <p>Atenci\u00f3n a la criminalidad y al fen\u00f3meno de la violencia y la inseguridad ciudadana.<\/p>\n        <\/div>\n        <div class=\"grid-item\">\n            <h3>Psicolog\u00eda Deportiva<\/h3><br>\n            <p>Preparaci\u00f3n mental del deportista, ejercicio y calidad de vida, pruebas psicol\u00f3gicas en deportes, perfil psicol\u00f3gico del deportista, preparaci\u00f3n mental de entrenadores y coaches.<\/p>\n        <\/div>\n        <div class=\"grid-item\">\n            <h3>Impacto de la inteligencia artificial en el \u00e1mbito psicol\u00f3gico<\/h3><br>\n            <p>Organizacional, educativo, cl\u00ednico, investigaci\u00f3n, \u00e1reas emergentes.<\/p>\n        <\/div>\n    <\/div><\/div><\/div><div id=\"pgc-3212-3-2\"  class=\"panel-grid-cell panel-grid-cell-empty\" ><\/div><\/div><\/div><\/div>","protected":false},"excerpt":{"rendered":"<p>Ejes Tem\u00e1ticos El II Congreso Centroamericano de Psicolog\u00eda y 10\u00b0 Congreso Costarricense de Psicolog\u00eda ofrece una amplia variedad de \u00e1reas tem\u00e1ticas dise\u00f1adas para reflejar la diversidad y profundidad de la disciplina psicol\u00f3gica en la regi\u00f3n. Estas tem\u00e1ticas abordan los principales retos y avances del campo, conectando perspectivas te\u00f3ricas y pr\u00e1cticas para responder a las necesidades [&hellip;]<\/p>\n","protected":false},"author":2,"featured_media":0,"parent":0,"menu_order":0,"comment_status":"closed","ping_status":"closed","template":"","meta":{"footnotes":""},"acf":[],"_links":{"self":[{"href":"https:\/\/uccap.net\/index.php?rest_route=\/wp\/v2\/pages\/3212"}],"collection":[{"href":"https:\/\/uccap.net\/index.php?rest_route=\/wp\/v2\/pages"}],"about":[{"href":"https:\/\/uccap.net\/index.php?rest_route=\/wp\/v2\/types\/page"}],"author":[{"embeddable":true,"href":"https:\/\/uccap.net\/index.php?rest_route=\/wp\/v2\/users\/2"}],"replies":[{"embeddable":true,"href":"https:\/\/uccap.net\/index.php?rest_route=%2Fwp%2Fv2%2Fcomments&post=3212"}],"version-history":[{"count":5,"href":"https:\/\/uccap.net\/index.php?rest_route=\/wp\/v2\/pages\/3212\/revisions"}],"predecessor-version":[{"id":3215,"href":"https:\/\/uccap.net\/index.php?rest_route=\/wp\/v2\/pages\/3212\/revisions\/3215"}],"wp:attachment":[{"href":"https:\/\/uccap.net\/index.php?rest_route=%2Fwp%2Fv2%2Fmedia&parent=3212"}],"curies":[{"name":"wp","href":"https:\/\/api.w.org\/{rel}","templated":true}]}}