{"id":3247,"date":"2025-02-13T21:56:36","date_gmt":"2025-02-13T21:56:36","guid":{"rendered":"https:\/\/uccap.net\/?page_id=3247"},"modified":"2025-02-13T21:56:50","modified_gmt":"2025-02-13T21:56:50","slug":"memorias","status":"publish","type":"page","link":"https:\/\/uccap.net\/?page_id=3247","title":{"rendered":"Memorias"},"content":{"rendered":"<div id=\"pl-3247\"  class=\"panel-layout\" ><div id=\"pg-3247-0\"  class=\"panel-grid panel-has-style\" ><div class=\"siteorigin-panels-stretch panel-row-style panel-row-style-for-3247-0\" data-stretch-type=\"full-stretched\" ><div id=\"pgc-3247-0-0\"  class=\"panel-grid-cell panel-grid-cell-empty\" ><\/div><\/div><\/div><div id=\"pg-3247-1\"  class=\"panel-grid panel-has-style\" ><div class=\"siteorigin-panels-stretch panel-row-style panel-row-style-for-3247-1\" data-stretch-type=\"full-stretched\" ><div id=\"pgc-3247-1-0\"  class=\"panel-grid-cell\" ><div id=\"panel-3247-1-0-0\" class=\"so-panel widget widget_sow-hero panel-first-child panel-last-child\" data-index=\"0\" ><div\n\t\t\t\n\t\t\tclass=\"so-widget-sow-hero so-widget-sow-hero-default-6e283e92799f-3247 so-widget-fittext-wrapper\"\n\t\t\t data-fit-text-compressor=\"0.85\"\n\t\t>\t\t\t\t<div class=\"sow-slider-base\" style=\"display: none\" tabindex=\"0\">\n\t\t\t\t\t<ul\n\t\t\t\t\tclass=\"sow-slider-images\"\n\t\t\t\t\tdata-settings=\"{&quot;pagination&quot;:true,&quot;speed&quot;:800,&quot;timeout&quot;:8000,&quot;paused&quot;:false,&quot;pause_on_hover&quot;:false,&quot;swipe&quot;:true,&quot;nav_always_show_desktop&quot;:&quot;&quot;,&quot;nav_always_show_mobile&quot;:&quot;&quot;,&quot;breakpoint&quot;:&quot;780px&quot;,&quot;unmute&quot;:false,&quot;anchor&quot;:null}\"\n\t\t\t\t\t\t\t\t\t\tdata-anchor-id=\"\"\n\t\t\t\t>\t\t<li class=\"sow-slider-image\" style=\"visibility: visible;;background-color: #333333\" >\n\t\t\t\t\t<div class=\"sow-slider-image-container\">\n\t\t\t<div class=\"sow-slider-image-wrapper\">\n\t\t\t\t<h1 style=\"text-align: center\"><strong>Memor\u00edas<\/strong><\/h1>\n\t\t\t<\/div>\n\t\t<\/div>\n\t\t\t\t<\/li>\n\t\t<\/ul>\t\t\t\t<ol class=\"sow-slider-pagination\">\n\t\t\t\t\t\t\t\t\t\t\t<li><a href=\"#\" data-goto=\"0\" aria-label=\"mostrar diapositiva 1\"><\/a><\/li>\n\t\t\t\t\t\t\t\t\t<\/ol>\n\n\t\t\t\t<div class=\"sow-slide-nav sow-slide-nav-next\">\n\t\t\t\t\t<a href=\"#\" data-goto=\"next\" aria-label=\"diapositiva siguiente\" data-action=\"next\">\n\t\t\t\t\t\t<em class=\"sow-sld-icon-thin-right\"><\/em>\n\t\t\t\t\t<\/a>\n\t\t\t\t<\/div>\n\n\t\t\t\t<div class=\"sow-slide-nav sow-slide-nav-prev\">\n\t\t\t\t\t<a href=\"#\" data-goto=\"previous\" aria-label=\"diapositiva anterior\" data-action=\"prev\">\n\t\t\t\t\t\t<em class=\"sow-sld-icon-thin-left\"><\/em>\n\t\t\t\t\t<\/a>\n\t\t\t\t<\/div>\n\t\t\t\t<\/div><\/div><\/div><\/div><\/div><\/div><div id=\"pg-3247-2\"  class=\"panel-grid panel-has-style\" ><div class=\"siteorigin-panels-stretch panel-row-style panel-row-style-for-3247-2\" data-stretch-type=\"full\" ><div id=\"pgc-3247-2-0\"  class=\"panel-grid-cell\" ><div id=\"panel-3247-2-0-0\" class=\"so-panel widget widget_sow-editor panel-first-child panel-last-child\" data-index=\"1\" ><div class=\"panel-widget-style panel-widget-style-for-3247-2-0-0\" ><div\n\t\t\t\n\t\t\tclass=\"so-widget-sow-editor so-widget-sow-editor-base\"\n\t\t\t\n\t\t>\n<div class=\"siteorigin-widget-tinymce textwidget\">\n\t<p><span style=\"font-weight: 400;\">El primer Congreso Centroamericano de Psicolog\u00eda, tuvo como sede la <\/span><span style=\"font-weight: 400;\">Universidad Tecnol\u00f3gica Centroamericana (UNITEC), e<\/span><span style=\"font-weight: 400;\">n Tegucigalpa Honduras.<\/span><\/p>\n<p><span style=\"font-weight: 400;\">El evento convoc\u00f3 a cientos de participantes provenientes de todos los pa\u00edses de nuestra regi\u00f3n, as\u00ed como de Sudam\u00e9rica, Europa y \u00c1frica.<\/span><\/p>\n<p><span style=\"font-weight: 400;\">La actividad se engalan\u00f3 con la participaci\u00f3n de prestigiosos conferencistas.<\/span><\/p>\n<p><span style=\"font-weight: 400;\">En el marco del congreso, se entregaron reconocimientos, firmaron acuerdos y se realizaron importantes reuniones con organizaciones como la Uni\u00f3n Internacional de Ciencias Psicol\u00f3gicas IUPSYS y la Uni\u00f3n Panamericana de Psicolog\u00eda, PAPU.<\/span><\/p>\n<p><span style=\"font-weight: 400;\">Al final del evento se di\u00f3 la antorcha al Colegio de Psic\u00f3logos de Costa Rica, quienes ser\u00e1n los organizadores y sede del II Congreso Congreso Centroamericano de Psicolog\u00eda en noviembre 2025.<\/span><\/p>\n<\/div>\n<\/div><\/div><\/div><\/div><\/div><\/div><\/div>","protected":false},"excerpt":{"rendered":"<p>Memor\u00edas El primer Congreso Centroamericano de Psicolog\u00eda, tuvo como sede la Universidad Tecnol\u00f3gica Centroamericana (UNITEC), en Tegucigalpa Honduras. El evento convoc\u00f3 a cientos de participantes provenientes de todos los pa\u00edses de nuestra regi\u00f3n, as\u00ed como de Sudam\u00e9rica, Europa y \u00c1frica. La actividad se engalan\u00f3 con la participaci\u00f3n de prestigiosos conferencistas. En el marco del congreso, [&hellip;]<\/p>\n","protected":false},"author":2,"featured_media":0,"parent":0,"menu_order":0,"comment_status":"closed","ping_status":"closed","template":"","meta":{"footnotes":""},"acf":[],"_links":{"self":[{"href":"https:\/\/uccap.net\/index.php?rest_route=\/wp\/v2\/pages\/3247"}],"collection":[{"href":"https:\/\/uccap.net\/index.php?rest_route=\/wp\/v2\/pages"}],"about":[{"href":"https:\/\/uccap.net\/index.php?rest_route=\/wp\/v2\/types\/page"}],"author":[{"embeddable":true,"href":"https:\/\/uccap.net\/index.php?rest_route=\/wp\/v2\/users\/2"}],"replies":[{"embeddable":true,"href":"https:\/\/uccap.net\/index.php?rest_route=%2Fwp%2Fv2%2Fcomments&post=3247"}],"version-history":[{"count":1,"href":"https:\/\/uccap.net\/index.php?rest_route=\/wp\/v2\/pages\/3247\/revisions"}],"predecessor-version":[{"id":3248,"href":"https:\/\/uccap.net\/index.php?rest_route=\/wp\/v2\/pages\/3247\/revisions\/3248"}],"wp:attachment":[{"href":"https:\/\/uccap.net\/index.php?rest_route=%2Fwp%2Fv2%2Fmedia&parent=3247"}],"curies":[{"name":"wp","href":"https:\/\/api.w.org\/{rel}","templated":true}]}}